{"id":51,"date":"2024-06-04T00:15:08","date_gmt":"2024-06-04T00:15:08","guid":{"rendered":"https:\/\/davz.hr\/wordpress\/?page_id=51"},"modified":"2024-06-13T18:15:43","modified_gmt":"2024-06-13T18:15:43","slug":"natjecaji","status":"publish","type":"page","link":"https:\/\/davz.hr\/wordpress\/?page_id=51","title":{"rendered":"Natje\u010daji"},"content":{"rendered":"\n<p><\/p>\n\n\n\n<p>DAV pru\u017ea\u00a0pomo\u0107 naru\u010diteljima pri organiziranju i provedbi natje\u010daja iz podru\u010dja arhitekture i urbanizma sukladno posebnim propisima.<\/p>\n\n\n\n<div class=\"wp-block-query has-global-padding is-layout-constrained wp-block-query-is-layout-constrained\">\n<div class=\"wp-block-group is-layout-flow wp-block-group-is-layout-flow\" style=\"margin-top:0;margin-bottom:0;padding-top:var(--wp--preset--spacing--50);padding-right:0;padding-bottom:var(--wp--preset--spacing--50);padding-left:0\"><ul class=\"alignfull wp-block-post-template is-layout-flow wp-container-core-post-template-is-layout-09c064ec wp-block-post-template-is-layout-flow\"><li class=\"wp-block-post post-654 post type-post status-publish format-standard has-post-thumbnail hentry category-natjecaji category-novosti\">\n<figure style=\"aspect-ratio:3\/2; margin-bottom:var(--wp--preset--spacing--20);\" class=\"wp-block-post-featured-image\"><a href=\"https:\/\/davz.hr\/wordpress\/?p=654\" target=\"_self\"  ><img loading=\"lazy\" decoding=\"async\" width=\"1021\" height=\"608\" src=\"https:\/\/davz.hr\/wordpress\/wp-content\/uploads\/2026\/02\/image-20.gif\" class=\"attachment-post-thumbnail size-post-thumbnail wp-post-image\" alt=\"Arhitektonsko-urbanisti\u010dki natje\u010daj: CENTAR VATROGASNE DJELATNOSTI U VARA\u017dDINU; objava rezultata natje\u010daja\" style=\"width:100%;height:100%;object-fit:cover;\" \/><\/a><\/figure>\n\n\n<div class=\"wp-block-group is-vertical is-nowrap is-layout-flex wp-container-core-group-is-layout-9bc6ff26 wp-block-group-is-layout-flex\"><h2 style=\"margin-bottom:0;\" class=\"wp-block-post-title has-x-large-font-size\"><a href=\"https:\/\/davz.hr\/wordpress\/?p=654\" target=\"_self\" >Arhitektonsko-urbanisti\u010dki natje\u010daj: CENTAR VATROGASNE DJELATNOSTI U VARA\u017dDINU; objava rezultata natje\u010daja<\/a><\/h2>\n\n<div class=\"wp-block-template-part\">\n\n<div class=\"wp-block-group has-global-padding is-layout-constrained wp-block-group-is-layout-constrained\">\n\t\n\t<div class=\"wp-block-group is-content-justification-left is-layout-flex wp-container-core-group-is-layout-dfe8e91f wp-block-group-is-layout-flex\">\n\t\t<div class=\"wp-block-post-date\"><time datetime=\"2026-02-17T20:20:43+00:00\"><a href=\"https:\/\/davz.hr\/wordpress\/?p=654\">velj 17, 2026<\/a><\/time><\/div>\n\n\t\t\n\t\t<p class=\"has-contrast-2-color has-text-color\">\u2014<\/p>\n\t\t\n\n\t\t\n\t\t<p class=\"has-small-font-size has-contrast-2-color has-text-color\">od<\/p>\n\t\t\n\n\t\t<div class=\"wp-block-post-author-name\"><a href=\"https:\/\/davz.hr\/wordpress\/?author=1\" target=\"_self\" class=\"wp-block-post-author-name__link\">DAVZ<\/a><\/div>\n\n\t\t<div class=\"taxonomy-category wp-block-post-terms\"><span class=\"wp-block-post-terms__prefix\">u <\/span><a href=\"https:\/\/davz.hr\/wordpress\/?cat=4\" rel=\"tag\">Natje\u010daji<\/a><span class=\"wp-block-post-terms__separator\">, <\/span><a href=\"https:\/\/davz.hr\/wordpress\/?cat=3\" rel=\"tag\">Novosti<\/a><\/div>\n\n\t<\/div>\n\t\n<\/div>\n\n\n<\/div>\n\n<div class=\"wp-block-post-excerpt has-small-font-size\"><p class=\"wp-block-post-excerpt__excerpt\">JAVNA VATROGASNA POSTROJBA GRADA VARA\u017dDINA i&nbsp;&nbsp;DRU\u0160TVO ARHITEKATA VARA\u017dDINA&nbsp;OBJAVLJUJU REZULTATE za &nbsp;javni, op\u0107i, u jednom stupnju, anonimni, prvog stupnja slo\u017eenosti za realizaciju ARHITEKTONSKO &#8211; URBANISTI\u010cKI NATJE\u010cAJ za izradu idejnog rje\u0161enja CENTAR VATROGASNE DJELATNOSTI U VARA\u017dDINUCPV: 71200000-0 \u2013 arhitektonske i srodne uslugeOznaka iz Plana nabave Raspisiva\u010da natje\u010daja: VN-1\/2025Registarski broj natje\u010daja Hrvatske komore arhitekata: 176-25\/V\u017d-AU\/NJN&nbsp; RASPISIVA\u010c I INVESTITORJavna&hellip; <\/p><\/div>\n\n\n<div style=\"height:0px\" aria-hidden=\"true\" class=\"wp-block-spacer wp-container-content-32e3a40d\"><\/div>\n<\/div>\n\n<\/li><li class=\"wp-block-post post-633 post type-post status-publish format-standard has-post-thumbnail hentry category-natjecaji category-novosti\">\n<figure style=\"aspect-ratio:3\/2; margin-bottom:var(--wp--preset--spacing--20);\" class=\"wp-block-post-featured-image\"><a href=\"https:\/\/davz.hr\/wordpress\/?p=633\" target=\"_self\"  ><img loading=\"lazy\" decoding=\"async\" width=\"2019\" height=\"1108\" src=\"https:\/\/davz.hr\/wordpress\/wp-content\/uploads\/2025\/11\/slika-drava-rezultati.png\" class=\"attachment-post-thumbnail size-post-thumbnail wp-post-image\" alt=\"Urbanisti\u010dko \u2013 krajobrazno \u2013 arhitektonski i likovni natje\u010daj: URE\u0110ENJE DIJELOVA DRAVSKE PARK \u0160UME U VARA\u017dDINU; rezultati natje\u010daja\" style=\"width:100%;height:100%;object-fit:cover;\" srcset=\"https:\/\/davz.hr\/wordpress\/wp-content\/uploads\/2025\/11\/slika-drava-rezultati.png 2019w, https:\/\/davz.hr\/wordpress\/wp-content\/uploads\/2025\/11\/slika-drava-rezultati-300x165.png 300w, https:\/\/davz.hr\/wordpress\/wp-content\/uploads\/2025\/11\/slika-drava-rezultati-1024x562.png 1024w, https:\/\/davz.hr\/wordpress\/wp-content\/uploads\/2025\/11\/slika-drava-rezultati-768x421.png 768w, https:\/\/davz.hr\/wordpress\/wp-content\/uploads\/2025\/11\/slika-drava-rezultati-1536x843.png 1536w\" sizes=\"auto, (max-width: 2019px) 100vw, 2019px\" \/><\/a><\/figure>\n\n\n<div class=\"wp-block-group is-vertical is-nowrap is-layout-flex wp-container-core-group-is-layout-9bc6ff26 wp-block-group-is-layout-flex\"><h2 style=\"margin-bottom:0;\" class=\"wp-block-post-title has-x-large-font-size\"><a href=\"https:\/\/davz.hr\/wordpress\/?p=633\" target=\"_self\" >Urbanisti\u010dko \u2013 krajobrazno \u2013 arhitektonski i likovni natje\u010daj: URE\u0110ENJE DIJELOVA DRAVSKE PARK \u0160UME U VARA\u017dDINU; rezultati natje\u010daja<\/a><\/h2>\n\n<div class=\"wp-block-template-part\">\n\n<div class=\"wp-block-group has-global-padding is-layout-constrained wp-block-group-is-layout-constrained\">\n\t\n\t<div class=\"wp-block-group is-content-justification-left is-layout-flex wp-container-core-group-is-layout-dfe8e91f wp-block-group-is-layout-flex\">\n\t\t<div class=\"wp-block-post-date\"><time datetime=\"2025-11-26T10:58:22+00:00\"><a href=\"https:\/\/davz.hr\/wordpress\/?p=633\">stu 26, 2025<\/a><\/time><\/div>\n\n\t\t\n\t\t<p class=\"has-contrast-2-color has-text-color\">\u2014<\/p>\n\t\t\n\n\t\t\n\t\t<p class=\"has-small-font-size has-contrast-2-color has-text-color\">od<\/p>\n\t\t\n\n\t\t<div class=\"wp-block-post-author-name\"><a href=\"https:\/\/davz.hr\/wordpress\/?author=1\" target=\"_self\" class=\"wp-block-post-author-name__link\">DAVZ<\/a><\/div>\n\n\t\t<div class=\"taxonomy-category wp-block-post-terms\"><span class=\"wp-block-post-terms__prefix\">u <\/span><a href=\"https:\/\/davz.hr\/wordpress\/?cat=4\" rel=\"tag\">Natje\u010daji<\/a><span class=\"wp-block-post-terms__separator\">, <\/span><a href=\"https:\/\/davz.hr\/wordpress\/?cat=3\" rel=\"tag\">Novosti<\/a><\/div>\n\n\t<\/div>\n\t\n<\/div>\n\n\n<\/div>\n\n<div class=\"wp-block-post-excerpt has-small-font-size\"><p class=\"wp-block-post-excerpt__excerpt\">GRAD VARA\u017dDIN I DRU\u0160TVO ARHITEKATA VARA\u017dDINA objavljuju rezultate za javni, op\u0107i, u jednom stupnju, anonimni, drugog stupnja slo\u017eenosti za realizaciju URBANISTI\u010cKO &#8211; KRAJOBRAZNO &#8211; ARHITEKTONSKI i LIKOVNI NATJE\u010cAJ za izradu idejnog rje\u0161enja: URE\u0110ENJE DIJELOVA DRAVSKE PARK \u0160UME U VARA\u017dDINU CPV: 71200000-0 &#8211; arhitektonske i srodne usluge Oznaka iz Plana nabave raspisiva\u010da natje\u010daja: 231-25\/MV Registarski broj&hellip; <\/p><\/div>\n\n\n<div style=\"height:0px\" aria-hidden=\"true\" class=\"wp-block-spacer wp-container-content-32e3a40d\"><\/div>\n<\/div>\n\n<\/li><li class=\"wp-block-post post-631 post type-post status-publish format-standard has-post-thumbnail hentry category-natjecaji category-novosti\">\n<figure style=\"aspect-ratio:3\/2; margin-bottom:var(--wp--preset--spacing--20);\" class=\"wp-block-post-featured-image\"><a href=\"https:\/\/davz.hr\/wordpress\/?p=631\" target=\"_self\"  ><img loading=\"lazy\" decoding=\"async\" width=\"1021\" height=\"581\" src=\"https:\/\/davz.hr\/wordpress\/wp-content\/uploads\/2025\/09\/Vatrogasci-objava.png\" class=\"attachment-post-thumbnail size-post-thumbnail wp-post-image\" alt=\"Arhitektonsko-urbanisti\u010dki natje\u010daj: CENTAR VATROGASNE DJELATNOSTI U VARA\u017dDINU; odgovori na pitanja natjecatelja\" style=\"width:100%;height:100%;object-fit:cover;\" srcset=\"https:\/\/davz.hr\/wordpress\/wp-content\/uploads\/2025\/09\/Vatrogasci-objava.png 1021w, https:\/\/davz.hr\/wordpress\/wp-content\/uploads\/2025\/09\/Vatrogasci-objava-300x171.png 300w, https:\/\/davz.hr\/wordpress\/wp-content\/uploads\/2025\/09\/Vatrogasci-objava-768x437.png 768w\" sizes=\"auto, (max-width: 1021px) 100vw, 1021px\" \/><\/a><\/figure>\n\n\n<div class=\"wp-block-group is-vertical is-nowrap is-layout-flex wp-container-core-group-is-layout-9bc6ff26 wp-block-group-is-layout-flex\"><h2 style=\"margin-bottom:0;\" class=\"wp-block-post-title has-x-large-font-size\"><a href=\"https:\/\/davz.hr\/wordpress\/?p=631\" target=\"_self\" >Arhitektonsko-urbanisti\u010dki natje\u010daj: CENTAR VATROGASNE DJELATNOSTI U VARA\u017dDINU; odgovori na pitanja natjecatelja<\/a><\/h2>\n\n<div class=\"wp-block-template-part\">\n\n<div class=\"wp-block-group has-global-padding is-layout-constrained wp-block-group-is-layout-constrained\">\n\t\n\t<div class=\"wp-block-group is-content-justification-left is-layout-flex wp-container-core-group-is-layout-dfe8e91f wp-block-group-is-layout-flex\">\n\t\t<div class=\"wp-block-post-date\"><time datetime=\"2025-11-21T20:27:42+00:00\"><a href=\"https:\/\/davz.hr\/wordpress\/?p=631\">stu 21, 2025<\/a><\/time><\/div>\n\n\t\t\n\t\t<p class=\"has-contrast-2-color has-text-color\">\u2014<\/p>\n\t\t\n\n\t\t\n\t\t<p class=\"has-small-font-size has-contrast-2-color has-text-color\">od<\/p>\n\t\t\n\n\t\t<div class=\"wp-block-post-author-name\"><a href=\"https:\/\/davz.hr\/wordpress\/?author=1\" target=\"_self\" class=\"wp-block-post-author-name__link\">DAVZ<\/a><\/div>\n\n\t\t<div class=\"taxonomy-category wp-block-post-terms\"><span class=\"wp-block-post-terms__prefix\">u <\/span><a href=\"https:\/\/davz.hr\/wordpress\/?cat=4\" rel=\"tag\">Natje\u010daji<\/a><span class=\"wp-block-post-terms__separator\">, <\/span><a href=\"https:\/\/davz.hr\/wordpress\/?cat=3\" rel=\"tag\">Novosti<\/a><\/div>\n\n\t<\/div>\n\t\n<\/div>\n\n\n<\/div>\n\n<div class=\"wp-block-post-excerpt has-small-font-size\"><p class=\"wp-block-post-excerpt__excerpt\">Mogu\u0107e je sudjelovati na natje\u010daju kao licencirani projektant koji ima stranu licencu prema Uvjetima natje\u010daja, to\u010dka 5.2.2., omotnica C: Osoba ovla\u0161tene za projektiranje iz druge dr\u017eave ugovornice europskog gospodarskog prostora ili druge dr\u017eave koja nije ugovornica europskog gospodarskog prostora, koja \u0107e u Republici Hrvatskoj obavljati poslove projektiranja, naknadno \u0107e morati ishoditi dokumentaciju reguliranu Zakonom o&hellip; <\/p><\/div>\n\n\n<div style=\"height:0px\" aria-hidden=\"true\" class=\"wp-block-spacer wp-container-content-32e3a40d\"><\/div>\n<\/div>\n\n<\/li><li class=\"wp-block-post post-590 post type-post status-publish format-standard has-post-thumbnail hentry category-natjecaji category-novosti\">\n<figure style=\"aspect-ratio:3\/2; margin-bottom:var(--wp--preset--spacing--20);\" class=\"wp-block-post-featured-image\"><a href=\"https:\/\/davz.hr\/wordpress\/?p=590\" target=\"_self\"  ><img loading=\"lazy\" decoding=\"async\" width=\"1021\" height=\"581\" src=\"https:\/\/davz.hr\/wordpress\/wp-content\/uploads\/2025\/09\/Vatrogasci-objava.png\" class=\"attachment-post-thumbnail size-post-thumbnail wp-post-image\" alt=\"Arhitektonsko-urbanisti\u010dki natje\u010daj: CENTAR VATROGASNE DJELATNOSTI U VARA\u017dDINU; objava natje\u010daja\" style=\"width:100%;height:100%;object-fit:cover;\" srcset=\"https:\/\/davz.hr\/wordpress\/wp-content\/uploads\/2025\/09\/Vatrogasci-objava.png 1021w, https:\/\/davz.hr\/wordpress\/wp-content\/uploads\/2025\/09\/Vatrogasci-objava-300x171.png 300w, https:\/\/davz.hr\/wordpress\/wp-content\/uploads\/2025\/09\/Vatrogasci-objava-768x437.png 768w\" sizes=\"auto, (max-width: 1021px) 100vw, 1021px\" \/><\/a><\/figure>\n\n\n<div class=\"wp-block-group is-vertical is-nowrap is-layout-flex wp-container-core-group-is-layout-9bc6ff26 wp-block-group-is-layout-flex\"><h2 style=\"margin-bottom:0;\" class=\"wp-block-post-title has-x-large-font-size\"><a href=\"https:\/\/davz.hr\/wordpress\/?p=590\" target=\"_self\" >Arhitektonsko-urbanisti\u010dki natje\u010daj: CENTAR VATROGASNE DJELATNOSTI U VARA\u017dDINU; objava natje\u010daja<\/a><\/h2>\n\n<div class=\"wp-block-template-part\">\n\n<div class=\"wp-block-group has-global-padding is-layout-constrained wp-block-group-is-layout-constrained\">\n\t\n\t<div class=\"wp-block-group is-content-justification-left is-layout-flex wp-container-core-group-is-layout-dfe8e91f wp-block-group-is-layout-flex\">\n\t\t<div class=\"wp-block-post-date\"><time datetime=\"2025-09-30T12:20:00+00:00\"><a href=\"https:\/\/davz.hr\/wordpress\/?p=590\">ruj 30, 2025<\/a><\/time><\/div>\n\n\t\t\n\t\t<p class=\"has-contrast-2-color has-text-color\">\u2014<\/p>\n\t\t\n\n\t\t\n\t\t<p class=\"has-small-font-size has-contrast-2-color has-text-color\">od<\/p>\n\t\t\n\n\t\t<div class=\"wp-block-post-author-name\"><a href=\"https:\/\/davz.hr\/wordpress\/?author=1\" target=\"_self\" class=\"wp-block-post-author-name__link\">DAVZ<\/a><\/div>\n\n\t\t<div class=\"taxonomy-category wp-block-post-terms\"><span class=\"wp-block-post-terms__prefix\">u <\/span><a href=\"https:\/\/davz.hr\/wordpress\/?cat=4\" rel=\"tag\">Natje\u010daji<\/a><span class=\"wp-block-post-terms__separator\">, <\/span><a href=\"https:\/\/davz.hr\/wordpress\/?cat=3\" rel=\"tag\">Novosti<\/a><\/div>\n\n\t<\/div>\n\t\n<\/div>\n\n\n<\/div>\n\n<div class=\"wp-block-post-excerpt has-small-font-size\"><p class=\"wp-block-post-excerpt__excerpt\">JAVNA VATROGASNA POSTROJBA GRADA VARA\u017dDINA raspisuje, a&nbsp;&nbsp;DRU\u0160TVO ARHITEKATA VARA\u017dDINA&nbsp;provodi&nbsp;&nbsp;javni, op\u0107i, u jednom stupnju, anonimni, prvog stupnja slo\u017eenosti za realizaciju ARHITEKTONSKO &#8211; URBANISTI\u010cKI NATJE\u010cAJ za izradu idejnog rje\u0161enja CENTAR VATROGASNE DJELATNOSTI U VARA\u017dDINU&nbsp;CPV: 71200000-0 \u2013 arhitektonske i srodne uslugeOznaka iz Plana nabave Raspisiva\u010da natje\u010daja: VN-1\/2025Registarski broj natje\u010daja Hrvatske komore arhitekata: 176-25\/V\u017d-AU\/NJN&nbsp;VRSTA, STUPANJ SLO\u017dENOSTI I STUPANJ PROVEDBE&hellip; <\/p><\/div>\n\n\n<div style=\"height:0px\" aria-hidden=\"true\" class=\"wp-block-spacer wp-container-content-32e3a40d\"><\/div>\n<\/div>\n\n<\/li><li class=\"wp-block-post post-583 post type-post status-publish format-standard has-post-thumbnail hentry category-natjecaji category-novosti\">\n<figure style=\"aspect-ratio:3\/2; margin-bottom:var(--wp--preset--spacing--20);\" class=\"wp-block-post-featured-image\"><a href=\"https:\/\/davz.hr\/wordpress\/?p=583\" target=\"_self\"  ><img loading=\"lazy\" decoding=\"async\" width=\"2560\" height=\"1920\" src=\"https:\/\/davz.hr\/wordpress\/wp-content\/uploads\/2025\/09\/20240825_181613-scaled.jpg\" class=\"attachment-post-thumbnail size-post-thumbnail wp-post-image\" alt=\"Urbanisti\u010dko \u2013 krajobrazno \u2013 arhitektonski i likovni natje\u010daj: URE\u0110ENJE DIJELOVA DRAVSKE PARK \u0160UME U VARA\u017dDINU; odgovori na pitanja natjecatelja\" style=\"width:100%;height:100%;object-fit:cover;\" srcset=\"https:\/\/davz.hr\/wordpress\/wp-content\/uploads\/2025\/09\/20240825_181613-scaled.jpg 2560w, https:\/\/davz.hr\/wordpress\/wp-content\/uploads\/2025\/09\/20240825_181613-300x225.jpg 300w, https:\/\/davz.hr\/wordpress\/wp-content\/uploads\/2025\/09\/20240825_181613-1024x768.jpg 1024w, https:\/\/davz.hr\/wordpress\/wp-content\/uploads\/2025\/09\/20240825_181613-768x576.jpg 768w, https:\/\/davz.hr\/wordpress\/wp-content\/uploads\/2025\/09\/20240825_181613-1536x1152.jpg 1536w, https:\/\/davz.hr\/wordpress\/wp-content\/uploads\/2025\/09\/20240825_181613-2048x1536.jpg 2048w\" sizes=\"auto, (max-width: 2560px) 100vw, 2560px\" \/><\/a><\/figure>\n\n\n<div class=\"wp-block-group is-vertical is-nowrap is-layout-flex wp-container-core-group-is-layout-9bc6ff26 wp-block-group-is-layout-flex\"><h2 style=\"margin-bottom:0;\" class=\"wp-block-post-title has-x-large-font-size\"><a href=\"https:\/\/davz.hr\/wordpress\/?p=583\" target=\"_self\" >Urbanisti\u010dko \u2013 krajobrazno \u2013 arhitektonski i likovni natje\u010daj: URE\u0110ENJE DIJELOVA DRAVSKE PARK \u0160UME U VARA\u017dDINU; odgovori na pitanja natjecatelja<\/a><\/h2>\n\n<div class=\"wp-block-template-part\">\n\n<div class=\"wp-block-group has-global-padding is-layout-constrained wp-block-group-is-layout-constrained\">\n\t\n\t<div class=\"wp-block-group is-content-justification-left is-layout-flex wp-container-core-group-is-layout-dfe8e91f wp-block-group-is-layout-flex\">\n\t\t<div class=\"wp-block-post-date\"><time datetime=\"2025-09-25T17:55:31+00:00\"><a href=\"https:\/\/davz.hr\/wordpress\/?p=583\">ruj 25, 2025<\/a><\/time><\/div>\n\n\t\t\n\t\t<p class=\"has-contrast-2-color has-text-color\">\u2014<\/p>\n\t\t\n\n\t\t\n\t\t<p class=\"has-small-font-size has-contrast-2-color has-text-color\">od<\/p>\n\t\t\n\n\t\t<div class=\"wp-block-post-author-name\"><a href=\"https:\/\/davz.hr\/wordpress\/?author=1\" target=\"_self\" class=\"wp-block-post-author-name__link\">DAVZ<\/a><\/div>\n\n\t\t<div class=\"taxonomy-category wp-block-post-terms\"><span class=\"wp-block-post-terms__prefix\">u <\/span><a href=\"https:\/\/davz.hr\/wordpress\/?cat=4\" rel=\"tag\">Natje\u010daji<\/a><span class=\"wp-block-post-terms__separator\">, <\/span><a href=\"https:\/\/davz.hr\/wordpress\/?cat=3\" rel=\"tag\">Novosti<\/a><\/div>\n\n\t<\/div>\n\t\n<\/div>\n\n\n<\/div>\n\n<div class=\"wp-block-post-excerpt has-small-font-size\"><p class=\"wp-block-post-excerpt__excerpt\">1. U postoje\u0107oj dokumentiaciji folde Projekt Beli kipi je prazan. Molim dopunu \/ poja\u0161njenje.\u00a0 Dokument Projekt Beli kipi.docx je pri objavi gre\u0161kom bio u drugom folderu te je neposredno poslije objave stavljen u predmetni folder. 2. Po\u0161tovani,\u00a0u odlomku &#8220;4.2 &#8211; Tehni\u010dka i stru\u010dna sposobnost&#8221; navodite pod &#8220;Stru\u010dnjak 3&#8221; &#8211; &#8220;Jedna osoba mo\u017ee posjedovati uvjete za&hellip; <\/p><\/div>\n\n\n<div style=\"height:0px\" aria-hidden=\"true\" class=\"wp-block-spacer wp-container-content-32e3a40d\"><\/div>\n<\/div>\n\n<\/li><li class=\"wp-block-post post-579 post type-post status-publish format-standard has-post-thumbnail hentry category-natjecaji category-novosti\">\n<figure style=\"aspect-ratio:3\/2; margin-bottom:var(--wp--preset--spacing--20);\" class=\"wp-block-post-featured-image\"><a href=\"https:\/\/davz.hr\/wordpress\/?p=579\" target=\"_self\"  ><img loading=\"lazy\" decoding=\"async\" width=\"1414\" height=\"2000\" src=\"https:\/\/davz.hr\/wordpress\/wp-content\/uploads\/2025\/08\/Pozivnica.jpg\" class=\"attachment-post-thumbnail size-post-thumbnail wp-post-image\" alt=\"Arhitektonsko &#8211; urbanisti\u010dki natje\u010daj INOVACIJSKI CENTAR U SKLOPU TEHNOLO\u0160KOG PARKA VARA\u017dDIN: INNOCENT; izlo\u017eba natje\u010dajnih radova\" style=\"width:100%;height:100%;object-fit:cover;\" srcset=\"https:\/\/davz.hr\/wordpress\/wp-content\/uploads\/2025\/08\/Pozivnica.jpg 1414w, https:\/\/davz.hr\/wordpress\/wp-content\/uploads\/2025\/08\/Pozivnica-212x300.jpg 212w, https:\/\/davz.hr\/wordpress\/wp-content\/uploads\/2025\/08\/Pozivnica-724x1024.jpg 724w, https:\/\/davz.hr\/wordpress\/wp-content\/uploads\/2025\/08\/Pozivnica-768x1086.jpg 768w, https:\/\/davz.hr\/wordpress\/wp-content\/uploads\/2025\/08\/Pozivnica-1086x1536.jpg 1086w\" sizes=\"auto, (max-width: 1414px) 100vw, 1414px\" \/><\/a><\/figure>\n\n\n<div class=\"wp-block-group is-vertical is-nowrap is-layout-flex wp-container-core-group-is-layout-9bc6ff26 wp-block-group-is-layout-flex\"><h2 style=\"margin-bottom:0;\" class=\"wp-block-post-title has-x-large-font-size\"><a href=\"https:\/\/davz.hr\/wordpress\/?p=579\" target=\"_self\" >Arhitektonsko &#8211; urbanisti\u010dki natje\u010daj INOVACIJSKI CENTAR U SKLOPU TEHNOLO\u0160KOG PARKA VARA\u017dDIN: INNOCENT; izlo\u017eba natje\u010dajnih radova<\/a><\/h2>\n\n<div class=\"wp-block-template-part\">\n\n<div class=\"wp-block-group has-global-padding is-layout-constrained wp-block-group-is-layout-constrained\">\n\t\n\t<div class=\"wp-block-group is-content-justification-left is-layout-flex wp-container-core-group-is-layout-dfe8e91f wp-block-group-is-layout-flex\">\n\t\t<div class=\"wp-block-post-date\"><time datetime=\"2025-08-29T10:33:26+00:00\"><a href=\"https:\/\/davz.hr\/wordpress\/?p=579\">kol 29, 2025<\/a><\/time><\/div>\n\n\t\t\n\t\t<p class=\"has-contrast-2-color has-text-color\">\u2014<\/p>\n\t\t\n\n\t\t\n\t\t<p class=\"has-small-font-size has-contrast-2-color has-text-color\">od<\/p>\n\t\t\n\n\t\t<div class=\"wp-block-post-author-name\"><a href=\"https:\/\/davz.hr\/wordpress\/?author=1\" target=\"_self\" class=\"wp-block-post-author-name__link\">DAVZ<\/a><\/div>\n\n\t\t<div class=\"taxonomy-category wp-block-post-terms\"><span class=\"wp-block-post-terms__prefix\">u <\/span><a href=\"https:\/\/davz.hr\/wordpress\/?cat=4\" rel=\"tag\">Natje\u010daji<\/a><span class=\"wp-block-post-terms__separator\">, <\/span><a href=\"https:\/\/davz.hr\/wordpress\/?cat=3\" rel=\"tag\">Novosti<\/a><\/div>\n\n\t<\/div>\n\t\n<\/div>\n\n\n<\/div>\n\n<div class=\"wp-block-post-excerpt has-small-font-size\"><p class=\"wp-block-post-excerpt__excerpt\">Pozivamo vas da u ponedjeljak i utorak, 1. i 2.9.2025. U Tehnolo\u0161kom parku u Vara\u017edinu pogledate izlo\u017ebu radova pristiglih na arhitektonsko-uranisti\u010dki natje\u010daj za novu zgradu Tehnolo\u0161kog parka! Otvorenje izlo\u017ebe je u 1.9. u 10:00h, a izlo\u017ebu je mogu\u0107e pogledati tokom radnog vremena. <\/p><\/div>\n\n\n<div style=\"height:0px\" aria-hidden=\"true\" class=\"wp-block-spacer wp-container-content-32e3a40d\"><\/div>\n<\/div>\n\n<\/li><li class=\"wp-block-post post-567 post type-post status-publish format-standard has-post-thumbnail hentry category-natjecaji category-novosti\">\n<figure style=\"aspect-ratio:3\/2; margin-bottom:var(--wp--preset--spacing--20);\" class=\"wp-block-post-featured-image\"><a href=\"https:\/\/davz.hr\/wordpress\/?p=567\" target=\"_self\"  ><img loading=\"lazy\" decoding=\"async\" width=\"1020\" height=\"765\" src=\"https:\/\/davz.hr\/wordpress\/wp-content\/uploads\/2025\/08\/image.jpeg\" class=\"attachment-post-thumbnail size-post-thumbnail wp-post-image\" alt=\"Urbanisti\u010dko &#8211; krajobrazno &#8211; arhitektonski i likovni natje\u010daj: URE\u0110ENJE DIJELOVA DRAVSKE PARK \u0160UME U VARA\u017dDINU; objava natje\u010daja\" style=\"width:100%;height:100%;object-fit:cover;\" srcset=\"https:\/\/davz.hr\/wordpress\/wp-content\/uploads\/2025\/08\/image.jpeg 1020w, https:\/\/davz.hr\/wordpress\/wp-content\/uploads\/2025\/08\/image-300x225.jpeg 300w, https:\/\/davz.hr\/wordpress\/wp-content\/uploads\/2025\/08\/image-768x576.jpeg 768w\" sizes=\"auto, (max-width: 1020px) 100vw, 1020px\" \/><\/a><\/figure>\n\n\n<div class=\"wp-block-group is-vertical is-nowrap is-layout-flex wp-container-core-group-is-layout-9bc6ff26 wp-block-group-is-layout-flex\"><h2 style=\"margin-bottom:0;\" class=\"wp-block-post-title has-x-large-font-size\"><a href=\"https:\/\/davz.hr\/wordpress\/?p=567\" target=\"_self\" >Urbanisti\u010dko &#8211; krajobrazno &#8211; arhitektonski i likovni natje\u010daj: URE\u0110ENJE DIJELOVA DRAVSKE PARK \u0160UME U VARA\u017dDINU; objava natje\u010daja<\/a><\/h2>\n\n<div class=\"wp-block-template-part\">\n\n<div class=\"wp-block-group has-global-padding is-layout-constrained wp-block-group-is-layout-constrained\">\n\t\n\t<div class=\"wp-block-group is-content-justification-left is-layout-flex wp-container-core-group-is-layout-dfe8e91f wp-block-group-is-layout-flex\">\n\t\t<div class=\"wp-block-post-date\"><time datetime=\"2025-08-22T06:23:43+00:00\"><a href=\"https:\/\/davz.hr\/wordpress\/?p=567\">kol 22, 2025<\/a><\/time><\/div>\n\n\t\t\n\t\t<p class=\"has-contrast-2-color has-text-color\">\u2014<\/p>\n\t\t\n\n\t\t\n\t\t<p class=\"has-small-font-size has-contrast-2-color has-text-color\">od<\/p>\n\t\t\n\n\t\t<div class=\"wp-block-post-author-name\"><a href=\"https:\/\/davz.hr\/wordpress\/?author=1\" target=\"_self\" class=\"wp-block-post-author-name__link\">DAVZ<\/a><\/div>\n\n\t\t<div class=\"taxonomy-category wp-block-post-terms\"><span class=\"wp-block-post-terms__prefix\">u <\/span><a href=\"https:\/\/davz.hr\/wordpress\/?cat=4\" rel=\"tag\">Natje\u010daji<\/a><span class=\"wp-block-post-terms__separator\">, <\/span><a href=\"https:\/\/davz.hr\/wordpress\/?cat=3\" rel=\"tag\">Novosti<\/a><\/div>\n\n\t<\/div>\n\t\n<\/div>\n\n\n<\/div>\n\n<div class=\"wp-block-post-excerpt has-small-font-size\"><p class=\"wp-block-post-excerpt__excerpt\">GRAD VARA\u017dDIN raspisuje, a DRU\u0160TVO ARHITEKATA VARA\u017dDINA provodi javni, op\u0107i, u jednom stupnju, anonimni, drugog stupnja slo\u017eenosti za realizaciju URBANISTI\u010cKO &#8211; KRAJOBRAZNO &#8211; ARHITEKTONSKI i LIKOVNI NATJE\u010cAJ za izradu idejnog rje\u0161enja URE\u0110ENJE DIJELOVA DRAVSKE PARK \u0160UME U VARA\u017dDINU CPV: 71200000-0 &#8211; arhitektonske i srodne usluge Oznaka iz Plana nabave raspisiva\u010da natje\u010daja: 231-25\/MV Registarski broj natje\u010daja&hellip; <\/p><\/div>\n\n\n<div style=\"height:0px\" aria-hidden=\"true\" class=\"wp-block-spacer wp-container-content-32e3a40d\"><\/div>\n<\/div>\n\n<\/li><li class=\"wp-block-post post-542 post type-post status-publish format-standard has-post-thumbnail hentry category-natjecaji category-novosti\">\n<figure style=\"aspect-ratio:3\/2; margin-bottom:var(--wp--preset--spacing--20);\" class=\"wp-block-post-featured-image\"><a href=\"https:\/\/davz.hr\/wordpress\/?p=542\" target=\"_self\"  ><img loading=\"lazy\" decoding=\"async\" width=\"680\" height=\"416\" src=\"https:\/\/davz.hr\/wordpress\/wp-content\/uploads\/2025\/07\/Slika1.png\" class=\"attachment-post-thumbnail size-post-thumbnail wp-post-image\" alt=\"Arhitektonsko &#8211; urbanisti\u010dki natje\u010daj INOVACIJSKI CENTAR U SKLOPU TEHNOLO\u0160KOG PARKA VARA\u017dDIN: INNOCENT; objava rezultata natje\u010daja\" style=\"width:100%;height:100%;object-fit:cover;\" srcset=\"https:\/\/davz.hr\/wordpress\/wp-content\/uploads\/2025\/07\/Slika1.png 680w, https:\/\/davz.hr\/wordpress\/wp-content\/uploads\/2025\/07\/Slika1-300x184.png 300w\" sizes=\"auto, (max-width: 680px) 100vw, 680px\" \/><\/a><\/figure>\n\n\n<div class=\"wp-block-group is-vertical is-nowrap is-layout-flex wp-container-core-group-is-layout-9bc6ff26 wp-block-group-is-layout-flex\"><h2 style=\"margin-bottom:0;\" class=\"wp-block-post-title has-x-large-font-size\"><a href=\"https:\/\/davz.hr\/wordpress\/?p=542\" target=\"_self\" >Arhitektonsko &#8211; urbanisti\u010dki natje\u010daj INOVACIJSKI CENTAR U SKLOPU TEHNOLO\u0160KOG PARKA VARA\u017dDIN: INNOCENT; objava rezultata natje\u010daja<\/a><\/h2>\n\n<div class=\"wp-block-template-part\">\n\n<div class=\"wp-block-group has-global-padding is-layout-constrained wp-block-group-is-layout-constrained\">\n\t\n\t<div class=\"wp-block-group is-content-justification-left is-layout-flex wp-container-core-group-is-layout-dfe8e91f wp-block-group-is-layout-flex\">\n\t\t<div class=\"wp-block-post-date\"><time datetime=\"2025-07-11T12:46:34+00:00\"><a href=\"https:\/\/davz.hr\/wordpress\/?p=542\">srp 11, 2025<\/a><\/time><\/div>\n\n\t\t\n\t\t<p class=\"has-contrast-2-color has-text-color\">\u2014<\/p>\n\t\t\n\n\t\t\n\t\t<p class=\"has-small-font-size has-contrast-2-color has-text-color\">od<\/p>\n\t\t\n\n\t\t<div class=\"wp-block-post-author-name\"><a href=\"https:\/\/davz.hr\/wordpress\/?author=1\" target=\"_self\" class=\"wp-block-post-author-name__link\">DAVZ<\/a><\/div>\n\n\t\t<div class=\"taxonomy-category wp-block-post-terms\"><span class=\"wp-block-post-terms__prefix\">u <\/span><a href=\"https:\/\/davz.hr\/wordpress\/?cat=4\" rel=\"tag\">Natje\u010daji<\/a><span class=\"wp-block-post-terms__separator\">, <\/span><a href=\"https:\/\/davz.hr\/wordpress\/?cat=3\" rel=\"tag\">Novosti<\/a><\/div>\n\n\t<\/div>\n\t\n<\/div>\n\n\n<\/div>\n\n<div class=\"wp-block-post-excerpt has-small-font-size\"><p class=\"wp-block-post-excerpt__excerpt\">TEHNOLO\u0160KI PARK VARA\u017dDIN I DRU\u0160TVO ARHITEKATA VARA\u017dDINA OBJAVLJUJU REZULTATE za javni, op\u0107i, u jednom stupnju, anonimni, prvog stupnja slo\u017eenosti za realizaciju i anketni ARHITEKTONSKO &#8211; URBANISTI\u010cKI NATJE\u010cAJ za izradu idejnog rje\u0161enja INOVACIJSKI CENTAR U SKLOPU TEHNOLO\u0160KOG PARKA VARA\u017dDIN: INNOCENT CPV: 71200000-0 \u2013 arhitektonske i srodne uslugeOznaka iz Plana nabave Raspisiva\u010da natje\u010daja: 8-25MVRegistarski broj natje\u010daja Hrvatske&hellip; <\/p><\/div>\n\n\n<div style=\"height:0px\" aria-hidden=\"true\" class=\"wp-block-spacer wp-container-content-32e3a40d\"><\/div>\n<\/div>\n\n<\/li><li class=\"wp-block-post post-516 post type-post status-publish format-standard has-post-thumbnail hentry category-natjecaji category-novosti\">\n<figure style=\"aspect-ratio:3\/2; margin-bottom:var(--wp--preset--spacing--20);\" class=\"wp-block-post-featured-image\"><a href=\"https:\/\/davz.hr\/wordpress\/?p=516\" target=\"_self\"  ><img loading=\"lazy\" decoding=\"async\" width=\"1020\" height=\"767\" src=\"https:\/\/davz.hr\/wordpress\/wp-content\/uploads\/2025\/04\/image.jpeg\" class=\"attachment-post-thumbnail size-post-thumbnail wp-post-image\" alt=\"Urbanisti\u010dko \u2013 krajobrazno \u2013 arhitektonski i likovni natje\u010daj: URE\u0110ENJE DIJELOVA DRAVSKE PARK \u0160UME U VARA\u017dDINU; objava rezultata natje\u010daja\" style=\"width:100%;height:100%;object-fit:cover;\" srcset=\"https:\/\/davz.hr\/wordpress\/wp-content\/uploads\/2025\/04\/image.jpeg 1020w, https:\/\/davz.hr\/wordpress\/wp-content\/uploads\/2025\/04\/image-300x226.jpeg 300w, https:\/\/davz.hr\/wordpress\/wp-content\/uploads\/2025\/04\/image-768x578.jpeg 768w\" sizes=\"auto, (max-width: 1020px) 100vw, 1020px\" \/><\/a><\/figure>\n\n\n<div class=\"wp-block-group is-vertical is-nowrap is-layout-flex wp-container-core-group-is-layout-9bc6ff26 wp-block-group-is-layout-flex\"><h2 style=\"margin-bottom:0;\" class=\"wp-block-post-title has-x-large-font-size\"><a href=\"https:\/\/davz.hr\/wordpress\/?p=516\" target=\"_self\" >Urbanisti\u010dko \u2013 krajobrazno \u2013 arhitektonski i likovni natje\u010daj: URE\u0110ENJE DIJELOVA DRAVSKE PARK \u0160UME U VARA\u017dDINU; objava rezultata natje\u010daja<\/a><\/h2>\n\n<div class=\"wp-block-template-part\">\n\n<div class=\"wp-block-group has-global-padding is-layout-constrained wp-block-group-is-layout-constrained\">\n\t\n\t<div class=\"wp-block-group is-content-justification-left is-layout-flex wp-container-core-group-is-layout-dfe8e91f wp-block-group-is-layout-flex\">\n\t\t<div class=\"wp-block-post-date\"><time datetime=\"2025-04-30T19:04:36+00:00\"><a href=\"https:\/\/davz.hr\/wordpress\/?p=516\">tra 30, 2025<\/a><\/time><\/div>\n\n\t\t\n\t\t<p class=\"has-contrast-2-color has-text-color\">\u2014<\/p>\n\t\t\n\n\t\t\n\t\t<p class=\"has-small-font-size has-contrast-2-color has-text-color\">od<\/p>\n\t\t\n\n\t\t<div class=\"wp-block-post-author-name\"><a href=\"https:\/\/davz.hr\/wordpress\/?author=1\" target=\"_self\" class=\"wp-block-post-author-name__link\">DAVZ<\/a><\/div>\n\n\t\t<div class=\"taxonomy-category wp-block-post-terms\"><span class=\"wp-block-post-terms__prefix\">u <\/span><a href=\"https:\/\/davz.hr\/wordpress\/?cat=4\" rel=\"tag\">Natje\u010daji<\/a><span class=\"wp-block-post-terms__separator\">, <\/span><a href=\"https:\/\/davz.hr\/wordpress\/?cat=3\" rel=\"tag\">Novosti<\/a><\/div>\n\n\t<\/div>\n\t\n<\/div>\n\n\n<\/div>\n\n<div class=\"wp-block-post-excerpt has-small-font-size\"><p class=\"wp-block-post-excerpt__excerpt\">GRAD VARA\u017dDIN I DRU\u0160TVO ARHITEKATA VARA\u017dDINA objavljuju rezultate za javni, op\u0107i, u jednom stupnju, anonimni, drugog stupnja slo\u017eenosti za realizaciju i anketni URBANISTI\u010cKO &#8211; KRAJOBRAZNO \u2013 ARHITEKTONSKI i LIKOVNI NATJE\u010cAJ za izradu idejnog rje\u0161enja &nbsp;URE\u0110ENJE DIJELOVA DRAVSKE PARK \u0160UME U VARA\u017dDINU CPV: 71200000-0 &#8211; arhitektonske i srodne usluge Oznaka iz Plana nabave raspisiva\u010da natje\u010daja: 203-25\/MV&hellip; <\/p><\/div>\n\n\n<div style=\"height:0px\" aria-hidden=\"true\" class=\"wp-block-spacer wp-container-content-32e3a40d\"><\/div>\n<\/div>\n\n<\/li><li class=\"wp-block-post post-472 post type-post status-publish format-standard has-post-thumbnail hentry category-natjecaji category-novosti\">\n<figure style=\"aspect-ratio:3\/2; margin-bottom:var(--wp--preset--spacing--20);\" class=\"wp-block-post-featured-image\"><a href=\"https:\/\/davz.hr\/wordpress\/?p=472\" target=\"_self\"  ><img loading=\"lazy\" decoding=\"async\" width=\"817\" height=\"591\" src=\"https:\/\/davz.hr\/wordpress\/wp-content\/uploads\/2025\/04\/InnoCENT-objava-2.png\" class=\"attachment-post-thumbnail size-post-thumbnail wp-post-image\" alt=\"Arhitektonsko &#8211; urbanisti\u010dki natje\u010daj INOVACIJSKI CENTAR U SKLOPU TEHNOLO\u0160KOG PARKA VARA\u017dDIN: INNOCENT\" style=\"width:100%;height:100%;object-fit:cover;\" srcset=\"https:\/\/davz.hr\/wordpress\/wp-content\/uploads\/2025\/04\/InnoCENT-objava-2.png 817w, https:\/\/davz.hr\/wordpress\/wp-content\/uploads\/2025\/04\/InnoCENT-objava-2-300x217.png 300w, https:\/\/davz.hr\/wordpress\/wp-content\/uploads\/2025\/04\/InnoCENT-objava-2-768x556.png 768w\" sizes=\"auto, (max-width: 817px) 100vw, 817px\" \/><\/a><\/figure>\n\n\n<div class=\"wp-block-group is-vertical is-nowrap is-layout-flex wp-container-core-group-is-layout-9bc6ff26 wp-block-group-is-layout-flex\"><h2 style=\"margin-bottom:0;\" class=\"wp-block-post-title has-x-large-font-size\"><a href=\"https:\/\/davz.hr\/wordpress\/?p=472\" target=\"_self\" >Arhitektonsko &#8211; urbanisti\u010dki natje\u010daj INOVACIJSKI CENTAR U SKLOPU TEHNOLO\u0160KOG PARKA VARA\u017dDIN: INNOCENT<\/a><\/h2>\n\n<div class=\"wp-block-template-part\">\n\n<div class=\"wp-block-group has-global-padding is-layout-constrained wp-block-group-is-layout-constrained\">\n\t\n\t<div class=\"wp-block-group is-content-justification-left is-layout-flex wp-container-core-group-is-layout-dfe8e91f wp-block-group-is-layout-flex\">\n\t\t<div class=\"wp-block-post-date\"><time datetime=\"2025-04-23T07:42:29+00:00\"><a href=\"https:\/\/davz.hr\/wordpress\/?p=472\">tra 23, 2025<\/a><\/time><\/div>\n\n\t\t\n\t\t<p class=\"has-contrast-2-color has-text-color\">\u2014<\/p>\n\t\t\n\n\t\t\n\t\t<p class=\"has-small-font-size has-contrast-2-color has-text-color\">od<\/p>\n\t\t\n\n\t\t<div class=\"wp-block-post-author-name\"><a href=\"https:\/\/davz.hr\/wordpress\/?author=1\" target=\"_self\" class=\"wp-block-post-author-name__link\">DAVZ<\/a><\/div>\n\n\t\t<div class=\"taxonomy-category wp-block-post-terms\"><span class=\"wp-block-post-terms__prefix\">u <\/span><a href=\"https:\/\/davz.hr\/wordpress\/?cat=4\" rel=\"tag\">Natje\u010daji<\/a><span class=\"wp-block-post-terms__separator\">, <\/span><a href=\"https:\/\/davz.hr\/wordpress\/?cat=3\" rel=\"tag\">Novosti<\/a><\/div>\n\n\t<\/div>\n\t\n<\/div>\n\n\n<\/div>\n\n<div class=\"wp-block-post-excerpt has-small-font-size\"><p class=\"wp-block-post-excerpt__excerpt\">TEHNOLO\u0160KI PARK VARA\u017dDIN raspisuje, a&nbsp;&nbsp;DRU\u0160TVO ARHITEKATA VARA\u017dDINA provodi&nbsp;javni, op\u0107i, u jednom stupnju, anonimni, prvog stupnja slo\u017eenosti za realizaciju i anketni ARHITEKTONSKO &#8211; URBANISTI\u010cKI NATJE\u010cAJ za izradu idejnog rje\u0161enjaINOVACIJSKI CENTAR U SKLOPU TEHNOLO\u0160KOG PARKA VARA\u017dDIN: INNOCENT&nbsp;CPV: 71200000-0 &#8211; arhitektonske i srodne uslugeOznaka iz Plana nabave Raspisiva\u010da natje\u010daja: 8-25MVRegistarski broj natje\u010daja Hrvatske komore arhitekata: 170-25\/V\u017d-AU\/NJN&nbsp;VRSTA, STUPANJ SLO\u017dENOSTI&hellip; <\/p><\/div>\n\n\n<div style=\"height:0px\" aria-hidden=\"true\" class=\"wp-block-spacer wp-container-content-32e3a40d\"><\/div>\n<\/div>\n\n<\/li><\/ul>\n\n\n<div style=\"margin-top:0;margin-bottom:0;height:var(--wp--preset--spacing--50)\" aria-hidden=\"true\" class=\"wp-block-spacer\"><\/div>\n\n\n<nav class=\"wp-block-query-pagination is-content-justification-space-between is-layout-flex wp-container-core-query-pagination-is-layout-b2891da8 wp-block-query-pagination-is-layout-flex\" aria-label=\"Numeriranje stranica\">\n\n\n<a href=\"\/wordpress\/index.php?rest_route=%2Fwp%2Fv2%2Fpages%2F51&#038;query-15-page=2\" class=\"wp-block-query-pagination-next\">Sljede\u0107a stranica<span class='wp-block-query-pagination-next-arrow is-arrow-arrow' aria-hidden='true'>\u2192<\/span><\/a>\n<\/nav><\/div>\n<\/div>\n","protected":false},"excerpt":{"rendered":"<p>DAV pru\u017ea\u00a0pomo\u0107 naru\u010diteljima pri organiziranju i provedbi natje\u010daja iz podru\u010dja arhitekture i urbanizma sukladno posebnim propisima.<\/p>\n","protected":false},"author":1,"featured_media":0,"parent":53,"menu_order":0,"comment_status":"closed","ping_status":"closed","template":"","meta":{"footnotes":""},"class_list":["post-51","page","type-page","status-publish","hentry"],"_links":{"self":[{"href":"https:\/\/davz.hr\/wordpress\/index.php?rest_route=\/wp\/v2\/pages\/51","targetHints":{"allow":["GET"]}}],"collection":[{"href":"https:\/\/davz.hr\/wordpress\/index.php?rest_route=\/wp\/v2\/pages"}],"about":[{"href":"https:\/\/davz.hr\/wordpress\/index.php?rest_route=\/wp\/v2\/types\/page"}],"author":[{"embeddable":true,"href":"https:\/\/davz.hr\/wordpress\/index.php?rest_route=\/wp\/v2\/users\/1"}],"replies":[{"embeddable":true,"href":"https:\/\/davz.hr\/wordpress\/index.php?rest_route=%2Fwp%2Fv2%2Fcomments&post=51"}],"version-history":[{"count":3,"href":"https:\/\/davz.hr\/wordpress\/index.php?rest_route=\/wp\/v2\/pages\/51\/revisions"}],"predecessor-version":[{"id":113,"href":"https:\/\/davz.hr\/wordpress\/index.php?rest_route=\/wp\/v2\/pages\/51\/revisions\/113"}],"up":[{"embeddable":true,"href":"https:\/\/davz.hr\/wordpress\/index.php?rest_route=\/wp\/v2\/pages\/53"}],"wp:attachment":[{"href":"https:\/\/davz.hr\/wordpress\/index.php?rest_route=%2Fwp%2Fv2%2Fmedia&parent=51"}],"curies":[{"name":"wp","href":"https:\/\/api.w.org\/{rel}","templated":true}]}}